{"id":14,"date":"2018-06-26T00:07:20","date_gmt":"2018-06-26T03:07:20","guid":{"rendered":"http:\/\/zulmaprina.com.ar\/web\/?page_id=14"},"modified":"2025-12-15T15:05:41","modified_gmt":"2025-12-15T18:05:41","slug":"libros-publicados","status":"publish","type":"page","link":"https:\/\/zulmaprina.com.ar\/web\/libros-publicados\/","title":{"rendered":"Libros Publicados"},"content":{"rendered":"\t\t<div data-elementor-type=\"wp-page\" data-elementor-id=\"14\" class=\"elementor elementor-14\">\n\t\t\t\t\t\t<section class=\"elementor-section elementor-top-section elementor-element elementor-element-b4f640a elementor-section-boxed elementor-section-height-default elementor-section-height-default\" data-id=\"b4f640a\" data-element_type=\"section\" data-e-type=\"section\">\n\t\t\t\t\t\t<div class=\"elementor-container elementor-column-gap-default\">\n\t\t\t\t\t<div class=\"elementor-column elementor-col-100 elementor-top-column elementor-element elementor-element-c2453b5\" data-id=\"c2453b5\" data-element_type=\"column\" data-e-type=\"column\">\n\t\t\t<div class=\"elementor-widget-wrap elementor-element-populated\">\n\t\t\t\t\t\t<div class=\"elementor-element elementor-element-c7d8602 elementor-widget elementor-widget-heading\" data-id=\"c7d8602\" data-element_type=\"widget\" data-e-type=\"widget\" data-widget_type=\"heading.default\">\n\t\t\t\t<div class=\"elementor-widget-container\">\n\t\t\t\t\t<h1 class=\"elementor-heading-title elementor-size-default\">Libros Publicados por Zulma E. Prina<\/h1>\t\t\t\t<\/div>\n\t\t\t\t<\/div>\n\t\t\t\t\t<\/div>\n\t\t<\/div>\n\t\t\t\t\t<\/div>\n\t\t<\/section>\n\t\t\t\t<section class=\"elementor-section elementor-top-section elementor-element elementor-element-192e2b8 elementor-section-boxed elementor-section-height-default elementor-section-height-default\" data-id=\"192e2b8\" data-element_type=\"section\" data-e-type=\"section\">\n\t\t\t\t\t\t<div class=\"elementor-container elementor-column-gap-default\">\n\t\t\t\t\t<div class=\"elementor-column elementor-col-66 elementor-top-column elementor-element elementor-element-e0da6f2\" data-id=\"e0da6f2\" data-element_type=\"column\" data-e-type=\"column\">\n\t\t\t<div class=\"elementor-widget-wrap elementor-element-populated\">\n\t\t\t\t\t\t<div class=\"elementor-element elementor-element-5affb168 elementor-invisible elementor-widget elementor-widget-shortcode\" data-id=\"5affb168\" data-element_type=\"widget\" data-e-type=\"widget\" data-settings=\"{&quot;_animation&quot;:&quot;fadeIn&quot;}\" data-widget_type=\"shortcode.default\">\n\t\t\t\t<div class=\"elementor-widget-container\">\n\t\t\t\t\t\t\t<div class=\"elementor-shortcode\"><!-- Final Tiles Grid Gallery for WordPress v3.6.2 premium --><style>#ftg-11 .tile .icon { color:#ffffff; }#ftg-11 .ftg-items .loading-bar i { background:#666; }#ftg-11 .ftg-items .loading-bar { background:#fff; }#ftg-11 .tile .icon { font-size:12px; }#ftg-11 .tile .icon { margin: -6px 0 0 -6px; }#ftg-11 .tile .caption-block .text-wrapper span.text { font-size:12px; }#ftg-11 .tile .caption-outside .text-wrapper span.text { font-size:12px; }#ftg-11 .tile .caption-block .text-wrapper span.title { font-size:14px; }#ftg-11 .tile .caption-outside .text-wrapper span.title { font-size:14px; }#ftg-11 .tile { background-color: transparent; }#ftg-11 .tile .caption-block .text-wrapper span.text { color: #ffffff; }#ftg-11 .tile .caption-block .text-wrapper span.title { color: #ffffff; }#ftg-11 .tile .caption-outside .text-wrapper span.text { color: #ffffff; }#ftg-11 .tile .caption-outside .text-wrapper span.title { color: #ffffff; }#ftg-11 .tile .ftg-social a { color: #ffffff; }#ftg-11 .tile .caption-block { transition-duration:0.25s; }#ftg-11 .tile .tile-inner:before { background-color: #000000; }#ftg-11 .tile .tile-inner:before { background-color: rgba(0, 0, 0, 0.8); }#ftg-11 .tile:hover img {-moz-transform: -moz-rotate(0deg) -moz-scale(0) ;-webkit-transform: -webkit-rotate(0deg) -webkit-scale(0) ;-o-transform: -o-rotate(0deg) -o-scale(0) ;-ms-transform: -ms-rotate(0deg) -ms-scale(0) ;transform: rotate(0deg) scale(0) ;}<\/style><a name=\"1\"><\/a><div class=\"final-tiles-gallery  ftg-hover-enabled caption-inside  caption-none caption-middle caption-center\" id=\"ftg-11\" style=\"width: 100%\"><div class='ftg-items'><div class='loading-bar'><i><\/i><\/div><div  class='tile ftg-preload  '><a title=\"Educaci\u00f3n por el arte : \u00bfun enfoque actual o una vieja utop\u00eda? \" data-lightbox='ftg-11' rel='ftg-11'  class=' tile-inner  ftg-lightbox' href='https:\/\/zulmaprina.com.ar\/web\/wp-content\/uploads\/2025\/12\/libro-educacion-por-el-arte.jpg' ><img alt='Educaci\u00f3n por el arte : \u00bfun enfoque actual o una vieja utop\u00eda? ' class='item skip-lazy' data-class='item' data-ftg-source='https:\/\/zulmaprina.com.ar\/web\/wp-content\/uploads\/2025\/12\/libro-educacion-por-el-arte.jpg' src='https:\/\/zulmaprina.com.ar\/web\/wp-content\/uploads\/2025\/12\/libro-educacion-por-el-arte.jpg' width='275' height='350' \/><div class='caption-block'><div class='text-wrapper'><span class='text'>Educaci\u00f3n por el arte : \u00bfun enfoque actual o una vieja utop\u00eda? <\/span><\/div><\/div><\/a><div class='ftg-social'><\/div><\/div><div  class='tile ftg-preload  '><a title=\"Rondas que rueda. Poemas infantiles ilustrados.\" data-lightbox='ftg-11' rel='ftg-11'  class=' tile-inner  ftg-lightbox' href='https:\/\/zulmaprina.com.ar\/web\/wp-content\/uploads\/2025\/12\/rondas-que-ruedan.jpg' ><img alt='Rondas que rueda. Poemas infantiles ilustrados.' class='item skip-lazy' data-class='item' data-ftg-source='https:\/\/zulmaprina.com.ar\/web\/wp-content\/uploads\/2025\/12\/rondas-que-ruedan.jpg' src='https:\/\/zulmaprina.com.ar\/web\/wp-content\/uploads\/2025\/12\/rondas-que-ruedan.jpg' width='275' height='350' \/><div class='caption-block'><div class='text-wrapper'><span class='text'>Rondas que rueda. Poemas infantiles ilustrados.<\/span><\/div><\/div><\/a><div class='ftg-social'><\/div><\/div><div  class='tile ftg-preload  '><a title=\"Nuestras leyendas para vos\" data-lightbox='ftg-11' rel='ftg-11'  class=' tile-inner  ftg-lightbox' href='https:\/\/zulmaprina.com.ar\/web\/wp-content\/uploads\/2025\/06\/nuestras-leyendas-para-vos.jpg' ><img alt='Nuestras leyendas para vos' class='item skip-lazy' data-class='item' data-ftg-source='https:\/\/zulmaprina.com.ar\/web\/wp-content\/uploads\/2025\/06\/nuestras-leyendas-para-vos.jpg' src='https:\/\/zulmaprina.com.ar\/web\/wp-content\/uploads\/2025\/06\/nuestras-leyendas-para-vos.jpg' width='275' height='350' \/><div class='caption-block'><div class='text-wrapper'><span class='text'>Nuestras leyendas para vos<\/span><\/div><\/div><\/a><div class='ftg-social'><\/div><\/div><div  class='tile ftg-preload  '><a title=\"Isolino \u00bfd\u00f3nde vas?\" data-lightbox='ftg-11' rel='ftg-11'  class=' tile-inner  ftg-lightbox' href='https:\/\/zulmaprina.com.ar\/web\/wp-content\/uploads\/2025\/02\/libro-isolino-donde-estas.jpg' ><img alt='Isolino \u00bfd\u00f3nde vas?' class='item skip-lazy' data-class='item' data-ftg-source='https:\/\/zulmaprina.com.ar\/web\/wp-content\/uploads\/2025\/02\/libro-isolino-donde-estas.jpg' src='https:\/\/zulmaprina.com.ar\/web\/wp-content\/uploads\/2025\/02\/libro-isolino-donde-estas.jpg' width='275' height='350' \/><div class='caption-block'><div class='text-wrapper'><span class='text'>Isolino \u00bfd\u00f3nde vas?<\/span><\/div><\/div><\/a><div class='ftg-social'><\/div><\/div><div  class='tile ftg-preload  '><a title=\"libro-rousseau\" data-lightbox='ftg-11' rel='ftg-11'  class=' tile-inner  ftg-lightbox' href='https:\/\/zulmaprina.com.ar\/web\/wp-content\/uploads\/2025\/02\/libro-rousseau.jpg' ><img alt='libro-rousseau' class='item skip-lazy' data-class='item' data-ftg-source='https:\/\/zulmaprina.com.ar\/web\/wp-content\/uploads\/2025\/02\/libro-rousseau.jpg' src='https:\/\/zulmaprina.com.ar\/web\/wp-content\/uploads\/2025\/02\/libro-rousseau.jpg' width='275' height='350' \/><div class='caption-block'><div class='text-wrapper'><span class='text'>libro-rousseau<\/span><\/div><\/div><\/a><div class='ftg-social'><\/div><\/div><div  class='tile ftg-preload  '><a title=\"libro-la-mujer-en-la-lij\" data-lightbox='ftg-11' rel='ftg-11'  class=' tile-inner  ftg-lightbox' href='https:\/\/zulmaprina.com.ar\/web\/wp-content\/uploads\/2025\/02\/libro-la-mujer-en-la-lij.jpg' ><img alt='libro-la-mujer-en-la-lij' class='item skip-lazy' data-class='item' data-ftg-source='https:\/\/zulmaprina.com.ar\/web\/wp-content\/uploads\/2025\/02\/libro-la-mujer-en-la-lij.jpg' src='https:\/\/zulmaprina.com.ar\/web\/wp-content\/uploads\/2025\/02\/libro-la-mujer-en-la-lij.jpg' width='275' height='350' \/><div class='caption-block'><div class='text-wrapper'><span class='text'>libro-la-mujer-en-la-lij<\/span><\/div><\/div><\/a><div class='ftg-social'><\/div><\/div><div  class='tile ftg-preload  '><a title=\"La escritura como objetode significaci\u00f3n en la escritura de La muerte de Artemio Cruz de Carlos Fuentes\" data-lightbox='ftg-11' rel='ftg-11'  class=' tile-inner  ftg-lightbox' href='https:\/\/zulmaprina.com.ar\/web\/wp-content\/uploads\/2023\/03\/libro-carlos-fuentes.png' ><img alt='La escritura como objeto de significaci\u00f3n en La muerte de Artemio Cruz de Carlos Fuentes' class='item skip-lazy' data-class='item' data-ftg-source='https:\/\/zulmaprina.com.ar\/web\/wp-content\/uploads\/2023\/03\/libro-carlos-fuentes.png' src='https:\/\/zulmaprina.com.ar\/web\/wp-content\/uploads\/2023\/03\/libro-carlos-fuentes.png' width='275' height='350' \/><div class='caption-block'><div class='text-wrapper'><span class='text'>La escritura como objetode significaci\u00f3n en la escritura de La muerte de Artemio Cruz de Carlos Fuentes<\/span><\/div><\/div><\/a><div class='ftg-social'><\/div><\/div><div  class='tile ftg-preload  '><a title=\"Hacia una historia de la LIJ argentina\" data-lightbox='ftg-11' rel='ftg-11'  class=' tile-inner  ftg-lightbox' href='https:\/\/zulmaprina.com.ar\/web\/wp-content\/uploads\/2025\/02\/libro-hacia-una-historia-de-la-lij-argentina-1.jpg' ><img alt='Hacia una historia de la LIJ argentina' class='item skip-lazy' data-class='item' data-ftg-source='https:\/\/zulmaprina.com.ar\/web\/wp-content\/uploads\/2025\/02\/libro-hacia-una-historia-de-la-lij-argentina-1.jpg' src='https:\/\/zulmaprina.com.ar\/web\/wp-content\/uploads\/2025\/02\/libro-hacia-una-historia-de-la-lij-argentina-1.jpg' width='275' height='350' \/><div class='caption-block'><div class='text-wrapper'><span class='text'>Hacia una historia de la LIJ argentina<\/span><\/div><\/div><\/a><div class='ftg-social'><\/div><\/div><div  class='tile ftg-preload  '><a title=\"La gesta literaria de Sylvia Puentes de Oyenard\"  rel='ftg-11' target='_blank' class=' tile-inner  ' href='https:\/\/academiaargentinadelij.org\/Publicaciones\/HOMENAJE-SYLVIA-DE-AMERICA-Libro2020.pdf' ><img alt='La gesta literaria de Sylvia Puentes de Oyenard' class='item skip-lazy' data-class='item' data-ftg-source='https:\/\/zulmaprina.com.ar\/web\/wp-content\/uploads\/2021\/02\/libro-Sylvia-Puentes-de-Oyenard.png' src='https:\/\/zulmaprina.com.ar\/web\/wp-content\/uploads\/2021\/02\/libro-Sylvia-Puentes-de-Oyenard.png' width='275' height='350' \/><div class='caption-block'><div class='text-wrapper'><span class='text'>La gesta literaria de Sylvia Puentes de Oyenard<\/span><\/div><\/div><\/a><div class='ftg-social'><\/div><\/div><div  class='tile ftg-preload  '><a title=\"EL MESTIZAJE EN AM\u00c9RICA \u2013 Mito y realidad de Jos\u00e9 Mar\u00eda Arguedas\"  rel='ftg-11' target='default' class=' tile-inner  ' href='https:\/\/zulmaprina.com.ar\/web\/el-mestizaje-en-america-mito-y-realidad-en-jose-maria-arguedas\/' ><img alt='EL MESTIZAJE EN AM\u00c9RICA \u2013 Mito y realidad de Jos\u00e9 Mar\u00eda Arguedas' class='item skip-lazy' data-class='item' data-ftg-source='https:\/\/zulmaprina.com.ar\/web\/wp-content\/uploads\/2020\/06\/libro-mestizaje.png' src='https:\/\/zulmaprina.com.ar\/web\/wp-content\/uploads\/2020\/06\/libro-mestizaje.png' width='275' height='350' \/><div class='caption-block'><div class='text-wrapper'><\/div><\/div><\/a><div class='ftg-social'><\/div><\/div><div  class='tile ftg-preload  '><a title=\"Papeles en blanco. Poemas nuevos de Zulma Prina\"  rel='ftg-11' target='default' class=' tile-inner  ' href='https:\/\/zulmaprina.com.ar\/web\/papeles-en-blanco-poemas-nuevos-zulma-prina\/' ><img alt='Papeles en blanco. Poemas nuevos de Zulma Prina' class='item skip-lazy' data-class='item' data-ftg-source='https:\/\/zulmaprina.com.ar\/web\/wp-content\/uploads\/2021\/02\/libro-papeles-en-blanco.png' src='https:\/\/zulmaprina.com.ar\/web\/wp-content\/uploads\/2021\/02\/libro-papeles-en-blanco.png' width='275' height='350' \/><div class='caption-block'><div class='text-wrapper'><span class='text'>libro-papeles-en-blanco<\/span><\/div><\/div><\/a><div class='ftg-social'><\/div><\/div><div  class='tile ftg-preload  '><a title=\"Apunte para una historia de la Literatura Infantil y Juvenil Argentina\" data-lightbox='ftg-11' rel='ftg-11'  class=' tile-inner  ftg-lightbox' href='https:\/\/zulmaprina.com.ar\/web\/wp-content\/uploads\/2021\/02\/libro-qpunte-p-una-historia-de-la-LIJ-Arg.png' ><img alt='Apunte para una historia de la Literatura Infantil y Juvenil Argentina' class='item skip-lazy' data-class='item' data-ftg-source='https:\/\/zulmaprina.com.ar\/web\/wp-content\/uploads\/2021\/02\/libro-qpunte-p-una-historia-de-la-LIJ-Arg.png' src='https:\/\/zulmaprina.com.ar\/web\/wp-content\/uploads\/2021\/02\/libro-qpunte-p-una-historia-de-la-LIJ-Arg.png' width='275' height='350' \/><div class='caption-block'><div class='text-wrapper'><span class='text'>libro-qpunte-p-una-historia-de-la-LIJ-Arg<\/span><\/div><\/div><\/a><div class='ftg-social'><\/div><\/div><div  class='tile ftg-preload  '><a title=\"La po\u00e9tica en la obra de Maria Cristina Ramos\"  rel='ftg-11' target='default' class=' tile-inner  ' href='https:\/\/zulmaprina.com.ar\/web\/2020\/05\/13\/la-poetica-de-maria-cristina-ramos-de-zulma-prina\/' ><img alt='La po\u00e9tica en la obra de Maria Cristina Ramos' class='item skip-lazy' data-class='item' data-ftg-source='https:\/\/zulmaprina.com.ar\/web\/wp-content\/uploads\/2019\/10\/libro-ramos.png' src='https:\/\/zulmaprina.com.ar\/web\/wp-content\/uploads\/2019\/10\/libro-ramos.png' width='275' height='350' \/><div class='caption-block'><div class='text-wrapper'><\/div><\/div><\/a><div class='ftg-social'><\/div><\/div><div  class='tile ftg-preload  '><a title=\"Roberto Arlt. Una mirada cr\u00edtica sobre su narrativa.\"  rel='ftg-11' target='default' class=' tile-inner  ' href='https:\/\/zulmaprina.com.ar\/web\/2020\/05\/13\/roberto-arlt-una-mirada-social-sobre-su-narrativa\/' ><img alt='Roberto Arlt. Una mirada cr\u00edtica sobre su narrativa.' class='item skip-lazy' data-class='item' data-ftg-source='https:\/\/zulmaprina.com.ar\/web\/wp-content\/uploads\/2018\/06\/libro-arlt-150x150.png' src='https:\/\/zulmaprina.com.ar\/web\/wp-content\/uploads\/2018\/06\/libro-arlt-150x150.png' width='150' height='150' \/><div class='caption-block'><div class='text-wrapper'><\/div><\/div><\/a><div class='ftg-social'><\/div><\/div><div  class='tile ftg-preload  '><a title=\"Concierto en gris bemol mayor\"  rel='ftg-11'  class=' tile-inner  ' href='https:\/\/zulmaprina.com.ar\/web\/video-libro-concierto-en-gris-bemol-mayor\/' ><img alt='Concierto en gris bemol mayor' class='item skip-lazy' data-class='item' data-ftg-source='https:\/\/zulmaprina.com.ar\/web\/wp-content\/uploads\/2018\/06\/concierto-en-gris-bemol-mayor-150x150.png' src='https:\/\/zulmaprina.com.ar\/web\/wp-content\/uploads\/2018\/06\/concierto-en-gris-bemol-mayor-150x150.png' width='150' height='150' \/><div class='caption-block'><div class='text-wrapper'><\/div><\/div><\/a><div class='ftg-social'><\/div><\/div><div  class='tile ftg-preload  '><a title=\"Tesoros de boca en boca\" data-lightbox='ftg-11' rel='ftg-11'  class=' tile-inner  ftg-lightbox' href='https:\/\/zulmaprina.com.ar\/web\/wp-content\/uploads\/2018\/06\/tesoros-de-boca-en-boca.png' ><img alt='Tesoros de boca en boca' class='item skip-lazy' data-class='item' data-ftg-source='http:\/\/zulmaprina.com.ar\/web\/wp-content\/uploads\/2018\/06\/tesoros-de-boca-en-boca-236x300.png' src='http:\/\/zulmaprina.com.ar\/web\/wp-content\/uploads\/2018\/06\/tesoros-de-boca-en-boca-236x300.png' width='275' height='350' \/><div class='caption-block'><div class='text-wrapper'><\/div><\/div><\/a><div class='ftg-social'><\/div><\/div><div  class='tile ftg-preload  '><a title=\"No te olvides de Jujuy\" data-lightbox='ftg-11' rel='ftg-11'  class=' tile-inner  ftg-lightbox' href='https:\/\/zulmaprina.com.ar\/web\/wp-content\/uploads\/2018\/06\/no-te-olvides-de-jujuy.png' ><img alt='No te olvides de Jujuy' class='item skip-lazy' data-class='item' data-ftg-source='http:\/\/zulmaprina.com.ar\/web\/wp-content\/uploads\/2018\/06\/no-te-olvides-de-jujuy-236x300.png' src='http:\/\/zulmaprina.com.ar\/web\/wp-content\/uploads\/2018\/06\/no-te-olvides-de-jujuy-236x300.png' width='275' height='350' \/><div class='caption-block'><div class='text-wrapper'><\/div><\/div><\/a><div class='ftg-social'><\/div><\/div><div  class='tile ftg-preload  '><a title=\"Ensayos de Literatura Infantil y Juvenil II\" data-lightbox='ftg-11' rel='ftg-11'  class=' tile-inner  ftg-lightbox' href='https:\/\/zulmaprina.com.ar\/web\/wp-content\/uploads\/2018\/06\/ensayos-de-literatura-infantil-y-juvenil-II.png' ><img alt='Ensayos de Literatura Infantil y Juvenil II' class='item skip-lazy' data-class='item' data-ftg-source='http:\/\/zulmaprina.com.ar\/web\/wp-content\/uploads\/2018\/06\/ensayos-de-literatura-infantil-y-juvenil-II-236x300.png' src='http:\/\/zulmaprina.com.ar\/web\/wp-content\/uploads\/2018\/06\/ensayos-de-literatura-infantil-y-juvenil-II-236x300.png' width='275' height='350' \/><div class='caption-block'><div class='text-wrapper'><\/div><\/div><\/a><div class='ftg-social'><\/div><\/div><div  class='tile ftg-preload  '><a title=\"Ensayos de Lit. Infantil, Tomo I\" data-lightbox='ftg-11' rel='ftg-11'  class=' tile-inner  ftg-lightbox' href='https:\/\/zulmaprina.com.ar\/web\/wp-content\/uploads\/2018\/06\/ensayos-de-literatura-infantil-y-juvenil-I.png' ><img alt='Ensayos de Lit. Infantil, Tomo I' class='item skip-lazy' data-class='item' data-ftg-source='http:\/\/zulmaprina.com.ar\/web\/wp-content\/uploads\/2018\/06\/ensayos-de-literatura-infantil-y-juvenil-I-236x300.png' src='http:\/\/zulmaprina.com.ar\/web\/wp-content\/uploads\/2018\/06\/ensayos-de-literatura-infantil-y-juvenil-I-236x300.png' width='275' height='350' \/><div class='caption-block'><div class='text-wrapper'><\/div><\/div><\/a><div class='ftg-social'><\/div><\/div><div  class='tile ftg-preload  '><a title=\"Periodismo en la escuela\" data-lightbox='ftg-11' rel='ftg-11'  class=' tile-inner  ftg-lightbox' href='https:\/\/zulmaprina.com.ar\/web\/wp-content\/uploads\/2018\/06\/periodismo-en-la-escuela.png' ><img alt='Periodismo en la escuela' class='item skip-lazy' data-class='item' data-ftg-source='http:\/\/zulmaprina.com.ar\/web\/wp-content\/uploads\/2018\/06\/periodismo-en-la-escuela-236x300.png' src='http:\/\/zulmaprina.com.ar\/web\/wp-content\/uploads\/2018\/06\/periodismo-en-la-escuela-236x300.png' width='275' height='350' \/><div class='caption-block'><div class='text-wrapper'><\/div><\/div><\/a><div class='ftg-social'><\/div><\/div><div  class='tile ftg-preload  '><a title=\"La literatura y el taller en la escuela\" data-lightbox='ftg-11' rel='ftg-11'  class=' tile-inner  ftg-lightbox' href='https:\/\/zulmaprina.com.ar\/web\/wp-content\/uploads\/2018\/06\/literatura-taller-educacion.png' ><img alt='La literatura y el taller en la escuela' class='item skip-lazy' data-class='item' data-ftg-source='http:\/\/zulmaprina.com.ar\/web\/wp-content\/uploads\/2018\/06\/literatura-taller-educacion-236x300.png' src='http:\/\/zulmaprina.com.ar\/web\/wp-content\/uploads\/2018\/06\/literatura-taller-educacion-236x300.png' width='275' height='350' \/><div class='caption-block'><div class='text-wrapper'><\/div><\/div><\/a><div class='ftg-social'><\/div><\/div><div  class='tile ftg-preload  '><a title=\"La lectura creadora\" data-lightbox='ftg-11' rel='ftg-11'  class=' tile-inner  ftg-lightbox' href='https:\/\/zulmaprina.com.ar\/web\/wp-content\/uploads\/2018\/06\/la-lectura-creadora.png' ><img alt='La lectura creadora' class='item skip-lazy' data-class='item' data-ftg-source='http:\/\/zulmaprina.com.ar\/web\/wp-content\/uploads\/2018\/06\/la-lectura-creadora-236x300.png' src='http:\/\/zulmaprina.com.ar\/web\/wp-content\/uploads\/2018\/06\/la-lectura-creadora-236x300.png' width='275' height='350' \/><div class='caption-block'><div class='text-wrapper'><\/div><\/div><\/a><div class='ftg-social'><\/div><\/div><div  class='tile ftg-preload  '><a title=\"Horas Felices\" data-lightbox='ftg-11' rel='ftg-11'  class=' tile-inner  ftg-lightbox' href='https:\/\/zulmaprina.com.ar\/web\/wp-content\/uploads\/2018\/06\/horas-felices.png' ><img alt='Horas Felices' class='item skip-lazy' data-class='item' data-ftg-source='http:\/\/zulmaprina.com.ar\/web\/wp-content\/uploads\/2018\/06\/horas-felices-236x300.png' src='http:\/\/zulmaprina.com.ar\/web\/wp-content\/uploads\/2018\/06\/horas-felices-236x300.png' width='275' height='350' \/><div class='caption-block'><div class='text-wrapper'><\/div><\/div><\/a><div class='ftg-social'><\/div><\/div><div  class='tile ftg-preload  '><a title=\"Hacia una mirada en la tarea alfabetizadora\" data-lightbox='ftg-11' rel='ftg-11'  class=' tile-inner  ftg-lightbox' href='https:\/\/zulmaprina.com.ar\/web\/wp-content\/uploads\/2018\/06\/hacia-una-mirada-en-la-tarea-alfabetizadora.png' ><img alt='Hacia una mirada en la tarea alfabetizadora' class='item skip-lazy' data-class='item' data-ftg-source='http:\/\/zulmaprina.com.ar\/web\/wp-content\/uploads\/2018\/06\/hacia-una-mirada-en-la-tarea-alfabetizadora-236x300.png' src='http:\/\/zulmaprina.com.ar\/web\/wp-content\/uploads\/2018\/06\/hacia-una-mirada-en-la-tarea-alfabetizadora-236x300.png' width='275' height='350' \/><div class='caption-block'><div class='text-wrapper'><\/div><\/div><\/a><div class='ftg-social'><\/div><\/div><div  class='tile ftg-preload  '><a title=\"El Mestizaje en Am\u00e9rica\" data-lightbox='ftg-11' rel='ftg-11'  class=' tile-inner  ftg-lightbox' href='https:\/\/zulmaprina.com.ar\/web\/wp-content\/uploads\/2018\/06\/el-mestizaje-en-america-1.png' ><img alt='El Mestizaje en Am\u00e9rica' class='item skip-lazy' data-class='item' data-ftg-source='http:\/\/zulmaprina.com.ar\/web\/wp-content\/uploads\/2018\/06\/el-mestizaje-en-america-1-236x300.png' src='http:\/\/zulmaprina.com.ar\/web\/wp-content\/uploads\/2018\/06\/el-mestizaje-en-america-1-236x300.png' width='275' height='350' \/><div class='caption-block'><div class='text-wrapper'><\/div><\/div><\/a><div class='ftg-social'><\/div><\/div><div  class='tile ftg-preload  '><a title=\".:Descargar Poema TRISTEZA de Zulma E. Prina:. Libro: Despu\u00e9s del olvido\" data-lightbox='ftg-11' rel='ftg-11'  class=' tile-inner  ftg-lightbox' href='https:\/\/zulmaprina.com.ar\/web\/wp-content\/uploads\/2018\/06\/313455_015ac62643de4074aa416f545bdbae1b-1.png' ><img alt='.:Descargar Poema TRISTEZA de Zulma E. Prina:. Libro: Despu\u00e9s del olvido' class='item skip-lazy' data-class='item' data-ftg-source='http:\/\/zulmaprina.com.ar\/web\/wp-content\/uploads\/2018\/06\/313455_015ac62643de4074aa416f545bdbae1b-1-236x300.png' src='http:\/\/zulmaprina.com.ar\/web\/wp-content\/uploads\/2018\/06\/313455_015ac62643de4074aa416f545bdbae1b-1-236x300.png' width='275' height='350' \/><div class='caption-block'><div class='text-wrapper'><\/div><\/div><\/a><div class='ftg-social'><\/div><\/div><div  class='tile ftg-preload  '><a title=\"Espejo del mediod\u00eda\" data-lightbox='ftg-11' rel='ftg-11'  class=' tile-inner  ftg-lightbox' href='https:\/\/zulmaprina.com.ar\/web\/wp-content\/uploads\/2018\/06\/313455_62d6c27d787c4083be5f1745295db958.png' ><img alt='Espejo del mediod\u00eda' class='item skip-lazy' data-class='item' data-ftg-source='http:\/\/zulmaprina.com.ar\/web\/wp-content\/uploads\/2018\/06\/313455_62d6c27d787c4083be5f1745295db958-236x300.png' src='http:\/\/zulmaprina.com.ar\/web\/wp-content\/uploads\/2018\/06\/313455_62d6c27d787c4083be5f1745295db958-236x300.png' width='275' height='350' \/><div class='caption-block'><div class='text-wrapper'><\/div><\/div><\/a><div class='ftg-social'><\/div><\/div><div  class='tile ftg-preload  '><a title=\"Desde tu penumbra\" data-lightbox='ftg-11' rel='ftg-11'  class=' tile-inner  ftg-lightbox' href='https:\/\/zulmaprina.com.ar\/web\/wp-content\/uploads\/2018\/06\/313455_f1c2b6963e71409aa7724a7c7c67cbc7.png' ><img alt='Desde tu penumbra' class='item skip-lazy' data-class='item' data-ftg-source='http:\/\/zulmaprina.com.ar\/web\/wp-content\/uploads\/2018\/06\/313455_f1c2b6963e71409aa7724a7c7c67cbc7-236x300.png' src='http:\/\/zulmaprina.com.ar\/web\/wp-content\/uploads\/2018\/06\/313455_f1c2b6963e71409aa7724a7c7c67cbc7-236x300.png' width='275' height='350' \/><div class='caption-block'><div class='text-wrapper'><\/div><\/div><\/a><div class='ftg-social'><\/div><\/div><div  class='tile ftg-preload  '><a title=\"Geograf\u00eda M\u00ednima\" data-lightbox='ftg-11' rel='ftg-11'  class=' tile-inner  ftg-lightbox' href='https:\/\/zulmaprina.com.ar\/web\/wp-content\/uploads\/2018\/06\/313455_f6e5bff8b09d42789e746ab0900e7ec8.png' ><img alt='Geograf\u00eda M\u00ednima' class='item skip-lazy' data-class='item' data-ftg-source='http:\/\/zulmaprina.com.ar\/web\/wp-content\/uploads\/2018\/06\/313455_f6e5bff8b09d42789e746ab0900e7ec8-236x300.png' src='http:\/\/zulmaprina.com.ar\/web\/wp-content\/uploads\/2018\/06\/313455_f6e5bff8b09d42789e746ab0900e7ec8-236x300.png' width='275' height='350' \/><div class='caption-block'><div class='text-wrapper'><\/div><\/div><\/a><div class='ftg-social'><\/div><\/div><div  class='tile ftg-preload  '><a title=\"Did\u00e1ctica de la lectura creadora\" data-lightbox='ftg-11' rel='ftg-11'  class=' tile-inner  ftg-lightbox' href='https:\/\/zulmaprina.com.ar\/web\/wp-content\/uploads\/2018\/06\/didactica-de-la-lectura-creadora.png' ><img alt='Did\u00e1ctica de la lectura creadora' class='item skip-lazy' data-class='item' data-ftg-source='http:\/\/zulmaprina.com.ar\/web\/wp-content\/uploads\/2018\/06\/didactica-de-la-lectura-creadora-236x300.png' src='http:\/\/zulmaprina.com.ar\/web\/wp-content\/uploads\/2018\/06\/didactica-de-la-lectura-creadora-236x300.png' width='275' height='350' \/><div class='caption-block'><div class='text-wrapper'><\/div><\/div><\/a><div class='ftg-social'><\/div><\/div><div  class='tile ftg-preload  '><a title=\"El arte y la creatividad en la escuela primaria\" data-lightbox='ftg-11' rel='ftg-11'  class=' tile-inner  ftg-lightbox' href='https:\/\/zulmaprina.com.ar\/web\/wp-content\/uploads\/2018\/06\/el-arte-y-creatividad-en-la-escuela-primaria.png' ><img alt='El arte y la creatividad en la escuela primaria' class='item skip-lazy' data-class='item' data-ftg-source='http:\/\/zulmaprina.com.ar\/web\/wp-content\/uploads\/2018\/06\/el-arte-y-creatividad-en-la-escuela-primaria-236x300.png' src='http:\/\/zulmaprina.com.ar\/web\/wp-content\/uploads\/2018\/06\/el-arte-y-creatividad-en-la-escuela-primaria-236x300.png' width='275' height='350' \/><div class='caption-block'><div class='text-wrapper'><\/div><\/div><\/a><div class='ftg-social'><\/div><\/div><div  class='tile ftg-preload  '><a title=\"Camino de palabras\" data-lightbox='ftg-11' rel='ftg-11'  class=' tile-inner  ftg-lightbox' href='https:\/\/zulmaprina.com.ar\/web\/wp-content\/uploads\/2018\/06\/313455_12da95d6f57643a085b0c126c45bb017.png' ><img alt='Camino de palabras' class='item skip-lazy' data-class='item' data-ftg-source='http:\/\/zulmaprina.com.ar\/web\/wp-content\/uploads\/2018\/06\/313455_12da95d6f57643a085b0c126c45bb017-236x300.png' src='http:\/\/zulmaprina.com.ar\/web\/wp-content\/uploads\/2018\/06\/313455_12da95d6f57643a085b0c126c45bb017-236x300.png' width='275' height='350' \/><div class='caption-block'><div class='text-wrapper'><\/div><\/div><\/a><div class='ftg-social'><\/div><\/div><div  class='tile ftg-preload  '><a title=\"Desmanicomializaci\u00f3n\" data-lightbox='ftg-11' rel='ftg-11'  class=' tile-inner  ftg-lightbox' href='https:\/\/zulmaprina.com.ar\/web\/wp-content\/uploads\/2018\/06\/desmanicomializacion.png' ><img alt='Desmanicomializaci\u00f3n' class='item skip-lazy' data-class='item' data-ftg-source='http:\/\/zulmaprina.com.ar\/web\/wp-content\/uploads\/2018\/06\/desmanicomializacion-236x300.png' src='http:\/\/zulmaprina.com.ar\/web\/wp-content\/uploads\/2018\/06\/desmanicomializacion-236x300.png' width='275' height='350' \/><div class='caption-block'><div class='text-wrapper'><\/div><\/div><\/a><div class='ftg-social'><\/div><\/div><div  class='tile ftg-preload  '><a title=\"Tiempo de todos\" data-lightbox='ftg-11' rel='ftg-11'  class=' tile-inner  ftg-lightbox' href='https:\/\/zulmaprina.com.ar\/web\/wp-content\/uploads\/2018\/06\/313455_52dbe0725bc341f6adf24fae14de6213.png' ><img alt='Tiempo de todos' class='item skip-lazy' data-class='item' data-ftg-source='http:\/\/zulmaprina.com.ar\/web\/wp-content\/uploads\/2018\/06\/313455_52dbe0725bc341f6adf24fae14de6213-236x300.png' src='http:\/\/zulmaprina.com.ar\/web\/wp-content\/uploads\/2018\/06\/313455_52dbe0725bc341f6adf24fae14de6213-236x300.png' width='275' height='350' \/><div class='caption-block'><div class='text-wrapper'><\/div><\/div><\/a><div class='ftg-social'><\/div><\/div><div  class='tile ftg-preload  '><a title=\"libro-los-distintos-tipos-textuales\" data-lightbox='ftg-11' rel='ftg-11'  class=' tile-inner  ftg-lightbox' href='https:\/\/zulmaprina.com.ar\/web\/wp-content\/uploads\/2025\/02\/libro-los-distintos-tipos-textuales.jpg' ><img alt='libro-los-distintos-tipos-textuales' class='item skip-lazy' data-class='item' data-ftg-source='https:\/\/zulmaprina.com.ar\/web\/wp-content\/uploads\/2025\/02\/libro-los-distintos-tipos-textuales.jpg' src='https:\/\/zulmaprina.com.ar\/web\/wp-content\/uploads\/2025\/02\/libro-los-distintos-tipos-textuales.jpg' width='275' height='350' \/><div class='caption-block'><div class='text-wrapper'><span class='text'>libro-los-distintos-tipos-textuales<\/span><\/div><\/div><\/a><div class='ftg-social'><\/div><\/div><div  class='tile ftg-preload  '><a title=\"libro-periodismo-escolar-para-docentes\" data-lightbox='ftg-11' rel='ftg-11'  class=' tile-inner  ftg-lightbox' href='https:\/\/zulmaprina.com.ar\/web\/wp-content\/uploads\/2025\/02\/libro-periodismo-escolar-para-docentes.jpg' ><img alt='libro-periodismo-escolar-para-docentes' class='item skip-lazy' data-class='item' data-ftg-source='https:\/\/zulmaprina.com.ar\/web\/wp-content\/uploads\/2025\/02\/libro-periodismo-escolar-para-docentes.jpg' src='https:\/\/zulmaprina.com.ar\/web\/wp-content\/uploads\/2025\/02\/libro-periodismo-escolar-para-docentes.jpg' width='275' height='350' \/><div class='caption-block'><div class='text-wrapper'><span class='text'>libro-periodismo-escolar-para-docentes<\/span><\/div><\/div><\/a><div class='ftg-social'><\/div><\/div><div  class='tile ftg-preload  '><a title=\"libro-practicas-para-una-lectura-creadora\" data-lightbox='ftg-11' rel='ftg-11'  class=' tile-inner  ftg-lightbox' href='https:\/\/zulmaprina.com.ar\/web\/wp-content\/uploads\/2025\/02\/libro-practicas-para-una-lectura-creadora.jpg' ><img alt='libro-practicas-para-una-lectura-creadora' class='item skip-lazy' data-class='item' data-ftg-source='https:\/\/zulmaprina.com.ar\/web\/wp-content\/uploads\/2025\/02\/libro-practicas-para-una-lectura-creadora.jpg' src='https:\/\/zulmaprina.com.ar\/web\/wp-content\/uploads\/2025\/02\/libro-practicas-para-una-lectura-creadora.jpg' width='275' height='350' \/><div class='caption-block'><div class='text-wrapper'><span class='text'>libro-practicas-para-una-lectura-creadora<\/span><\/div><\/div><\/a><div class='ftg-social'><\/div><\/div><div  class='tile ftg-preload  '><a title=\"libro-una-experiencia\" data-lightbox='ftg-11' rel='ftg-11'  class=' tile-inner  ftg-lightbox' href='https:\/\/zulmaprina.com.ar\/web\/wp-content\/uploads\/2025\/02\/libro-una-experiencia.jpg' ><img alt='libro-una-experiencia' class='item skip-lazy' data-class='item' data-ftg-source='https:\/\/zulmaprina.com.ar\/web\/wp-content\/uploads\/2025\/02\/libro-una-experiencia.jpg' src='https:\/\/zulmaprina.com.ar\/web\/wp-content\/uploads\/2025\/02\/libro-una-experiencia.jpg' width='275' height='350' \/><div class='caption-block'><div class='text-wrapper'><span class='text'>libro-una-experiencia<\/span><\/div><\/div><\/a><div class='ftg-social'><\/div><\/div><\/div><\/div><\/div>\n\t\t\t\t\t\t<\/div>\n\t\t\t\t<\/div>\n\t\t\t\t\t<\/div>\n\t\t<\/div>\n\t\t\t\t<div class=\"elementor-column elementor-col-33 elementor-top-column elementor-element elementor-element-6a7ad49\" data-id=\"6a7ad49\" data-element_type=\"column\" data-e-type=\"column\">\n\t\t\t<div class=\"elementor-widget-wrap elementor-element-populated\">\n\t\t\t\t\t\t<div class=\"elementor-element elementor-element-c3102c5 elementor-widget elementor-widget-heading\" data-id=\"c3102c5\" data-element_type=\"widget\" data-e-type=\"widget\" data-widget_type=\"heading.default\">\n\t\t\t\t<div class=\"elementor-widget-container\">\n\t\t\t\t\t<h2 class=\"elementor-heading-title elementor-size-default\"><a href=\"https:\/\/zulmaprina.com.ar\/web\/comprar-libros\/\">*COMPRAR LIBROS*<\/a><\/h2>\t\t\t\t<\/div>\n\t\t\t\t<\/div>\n\t\t\t\t<div class=\"elementor-element elementor-element-2db6946 elementor-widget elementor-widget-text-editor\" data-id=\"2db6946\" data-element_type=\"widget\" data-e-type=\"widget\" data-widget_type=\"text-editor.default\">\n\t\t\t\t<div class=\"elementor-widget-container\">\n\t\t\t\t\t\t\t\t\t<p><a href=\"https:\/\/zulmaprina.com.ar\/web\/educacion-por-el-arte-zulma-prina\/\"><strong>Educaci\u00f3n por el arte : \u00bfun enfoque actual o una vieja utop\u00eda? <\/strong><\/a><\/p><p><strong>Rondas que ruedan<\/strong><\/p><p><strong>La escritura como objeto de significaci\u00f3n en <em>La muerte de Artemio Cruz<\/em> de Carlos Fuentes<\/strong><\/p><p><strong><a href=\"https:\/\/zulmaprina.com.ar\/web\/papeles-en-blanco-poemas-nuevos-zulma-prina\/\" target=\"_blank\" rel=\"noopener\">Papeles en blanco. Poemas nuevos.<\/a><\/strong><\/p><p><a href=\"https:\/\/academiaargentinadelij.org\/Publicaciones\/HOMENAJE-SYLVIA-DE-AMERICA-Libro2020.pdf\" target=\"_blank\" rel=\"noopener\"><strong>La gesta literaria de Sylvia Puentes de Oyenard (descargar libro PDF)<\/strong><\/a><\/p><p><strong><a href=\"https:\/\/zulmaprina.com.ar\/web\/2020\/06\/30\/el-mestizaje-en-america-mito-y-realidad-en-jose-maria-arguedas\/\">El mestizaje en Am\u00e9rica, Mito y realidad en Jos\u00e9 Mar\u00eda Arguedas<\/a><\/strong><\/p><p><strong><a href=\"https:\/\/zulmaprina.com.ar\/web\/2020\/05\/13\/la-poetica-de-maria-cristina-ramos-de-zulma-prina\/\">La Po\u00e9tica de Mar\u00eda Cristina Ramos de Zulma Prina.<\/a><\/strong><\/p><p><strong><a href=\"https:\/\/zulmaprina.com.ar\/web\/2020\/05\/13\/roberto-arlt-una-mirada-social-sobre-su-narrativa\/\">Roberto Arlt, una mirada social sobre su narrativa.<\/a><\/strong><\/p><p><a href=\"https:\/\/zulmaprina.com.ar\/web\/video-libro-concierto-en-gris-bemol-mayor\/\" target=\"_blank\" rel=\"noopener\"><strong>Concierto en gris bemol mayor<\/strong><\/a><\/p><p>Tesoros de boca en boca<\/p><p>No te olvides de Jujuy<\/p><p>Ensayos de Literatura Infantil y Juvenil II<\/p><p>Ensayos de Lit. Infantil, Tomo I<\/p><p>Periodismo en la escuela<\/p><p>La literatura y el taller en la escuela<\/p><p>La lectura creadora<\/p><p>Horas Felices<\/p><p>Hacia una mirada en la tarea alfabetizadora<\/p><p>El Mestizaje en Am\u00e9rica<\/p><p>Despu\u00e9s del olvido<\/p><p>Espejo del mediod\u00eda<\/p><p>Desde tu penumbra<\/p><p>Geograf\u00eda M\u00ednima<\/p><p>Did\u00e1ctica de la lectura creadora<\/p><p>El arte y la creatividad en la escuela primaria<\/p><p>Camino de palabras<\/p><p>Desmanicomializaci\u00f3n<\/p><p>Tiempo de todos<\/p>\t\t\t\t\t\t\t\t<\/div>\n\t\t\t\t<\/div>\n\t\t\t\t\t<\/div>\n\t\t<\/div>\n\t\t\t\t\t<\/div>\n\t\t<\/section>\n\t\t\t\t<section class=\"elementor-section elementor-top-section elementor-element elementor-element-ba24f48 elementor-section-boxed elementor-section-height-default elementor-section-height-default\" data-id=\"ba24f48\" data-element_type=\"section\" data-e-type=\"section\">\n\t\t\t\t\t\t<div class=\"elementor-container elementor-column-gap-default\">\n\t\t\t\t\t<div class=\"elementor-column elementor-col-100 elementor-top-column elementor-element elementor-element-a41fa5c\" data-id=\"a41fa5c\" data-element_type=\"column\" data-e-type=\"column\">\n\t\t\t<div class=\"elementor-widget-wrap\">\n\t\t\t\t\t\t\t<\/div>\n\t\t<\/div>\n\t\t\t\t\t<\/div>\n\t\t<\/section>\n\t\t\t\t<\/div>\n\t\t","protected":false},"excerpt":{"rendered":"<p>Libros Publicados por Zulma E. Prina *COMPRAR LIBROS* Educaci\u00f3n por el arte : \u00bfun enfoque actual o una vieja utop\u00eda? Rondas que ruedan La escritura como objeto de significaci\u00f3n en La muerte de Artemio Cruz de Carlos Fuentes Papeles en blanco. Poemas nuevos. La gesta literaria de Sylvia Puentes de Oyenard (descargar libro PDF) El [&hellip;]<\/p>\n","protected":false},"author":1,"featured_media":0,"parent":0,"menu_order":0,"comment_status":"closed","ping_status":"closed","template":"elementor_header_footer","meta":{"footnotes":""},"class_list":["post-14","page","type-page","status-publish","hentry"],"_links":{"self":[{"href":"https:\/\/zulmaprina.com.ar\/web\/wp-json\/wp\/v2\/pages\/14","targetHints":{"allow":["GET"]}}],"collection":[{"href":"https:\/\/zulmaprina.com.ar\/web\/wp-json\/wp\/v2\/pages"}],"about":[{"href":"https:\/\/zulmaprina.com.ar\/web\/wp-json\/wp\/v2\/types\/page"}],"author":[{"embeddable":true,"href":"https:\/\/zulmaprina.com.ar\/web\/wp-json\/wp\/v2\/users\/1"}],"replies":[{"embeddable":true,"href":"https:\/\/zulmaprina.com.ar\/web\/wp-json\/wp\/v2\/comments?post=14"}],"version-history":[{"count":49,"href":"https:\/\/zulmaprina.com.ar\/web\/wp-json\/wp\/v2\/pages\/14\/revisions"}],"predecessor-version":[{"id":1875,"href":"https:\/\/zulmaprina.com.ar\/web\/wp-json\/wp\/v2\/pages\/14\/revisions\/1875"}],"wp:attachment":[{"href":"https:\/\/zulmaprina.com.ar\/web\/wp-json\/wp\/v2\/media?parent=14"}],"curies":[{"name":"wp","href":"https:\/\/api.w.org\/{rel}","templated":true}]}}