{"id":1852,"date":"2025-12-15T11:22:59","date_gmt":"2025-12-15T14:22:59","guid":{"rendered":"https:\/\/zulmaprina.com.ar\/web\/?page_id=1852"},"modified":"2026-01-16T15:19:04","modified_gmt":"2026-01-16T18:19:04","slug":"educacion-por-el-arte-zulma-prina","status":"publish","type":"page","link":"https:\/\/zulmaprina.com.ar\/web\/educacion-por-el-arte-zulma-prina\/","title":{"rendered":"Educaci\u00f3n por el arte"},"content":{"rendered":"\t\t<div data-elementor-type=\"wp-page\" data-elementor-id=\"1852\" class=\"elementor elementor-1852\">\n\t\t\t\t\t\t<section class=\"elementor-section elementor-top-section elementor-element elementor-element-743a09d elementor-section-boxed elementor-section-height-default elementor-section-height-default\" data-id=\"743a09d\" data-element_type=\"section\" data-e-type=\"section\">\n\t\t\t\t\t\t<div class=\"elementor-container elementor-column-gap-default\">\n\t\t\t\t\t<div class=\"elementor-column elementor-col-50 elementor-top-column elementor-element elementor-element-b3730f7\" data-id=\"b3730f7\" data-element_type=\"column\" data-e-type=\"column\">\n\t\t\t<div class=\"elementor-widget-wrap elementor-element-populated\">\n\t\t\t\t\t\t<div class=\"elementor-element elementor-element-784bdb2 elementor-widget elementor-widget-image\" data-id=\"784bdb2\" data-element_type=\"widget\" data-e-type=\"widget\" data-widget_type=\"image.default\">\n\t\t\t\t<div class=\"elementor-widget-container\">\n\t\t\t\t\t\t\t\t\t\t\t\t\t\t\t<img fetchpriority=\"high\" decoding=\"async\" width=\"640\" height=\"595\" src=\"https:\/\/zulmaprina.com.ar\/web\/wp-content\/uploads\/2025\/12\/flyer-presentacion-educacion-por-el-arte-1-1024x952.jpg\" class=\"attachment-large size-large wp-image-1883\" alt=\"\" srcset=\"https:\/\/zulmaprina.com.ar\/web\/wp-content\/uploads\/2025\/12\/flyer-presentacion-educacion-por-el-arte-1-1024x952.jpg 1024w, https:\/\/zulmaprina.com.ar\/web\/wp-content\/uploads\/2025\/12\/flyer-presentacion-educacion-por-el-arte-1-300x279.jpg 300w, https:\/\/zulmaprina.com.ar\/web\/wp-content\/uploads\/2025\/12\/flyer-presentacion-educacion-por-el-arte-1-768x714.jpg 768w, https:\/\/zulmaprina.com.ar\/web\/wp-content\/uploads\/2025\/12\/flyer-presentacion-educacion-por-el-arte-1.jpg 1111w\" sizes=\"(max-width: 640px) 100vw, 640px\" \/>\t\t\t\t\t\t\t\t\t\t\t\t\t\t\t<\/div>\n\t\t\t\t<\/div>\n\t\t\t\t\t<\/div>\n\t\t<\/div>\n\t\t\t\t<div class=\"elementor-column elementor-col-50 elementor-top-column elementor-element elementor-element-56ab14a\" data-id=\"56ab14a\" data-element_type=\"column\" data-e-type=\"column\">\n\t\t\t<div class=\"elementor-widget-wrap elementor-element-populated\">\n\t\t\t\t\t\t<div class=\"elementor-element elementor-element-5da9e78 elementor-widget elementor-widget-video\" data-id=\"5da9e78\" data-element_type=\"widget\" data-e-type=\"widget\" data-settings=\"{&quot;video_type&quot;:&quot;hosted&quot;,&quot;controls&quot;:&quot;yes&quot;}\" data-widget_type=\"video.default\">\n\t\t\t\t<div class=\"elementor-widget-container\">\n\t\t\t\t\t\t\t<div class=\"e-hosted-video elementor-wrapper elementor-open-inline\">\n\t\t\t\t\t<video class=\"elementor-video\" src=\"https:\/\/zulmaprina.com.ar\/web\/wp-content\/uploads\/2026\/01\/libro-educacion-por-el-arte-zulma-prina2025.mp4\" controls=\"\" preload=\"metadata\" controlsList=\"nodownload\"><\/video>\n\t\t\t\t<\/div>\n\t\t\t\t\t\t<\/div>\n\t\t\t\t<\/div>\n\t\t\t\t\t<\/div>\n\t\t<\/div>\n\t\t\t\t\t<\/div>\n\t\t<\/section>\n\t\t\t\t<section class=\"elementor-section elementor-top-section elementor-element elementor-element-fb5e423 elementor-section-boxed elementor-section-height-default elementor-section-height-default\" data-id=\"fb5e423\" data-element_type=\"section\" data-e-type=\"section\">\n\t\t\t\t\t\t<div class=\"elementor-container elementor-column-gap-default\">\n\t\t\t\t\t<div class=\"elementor-column elementor-col-50 elementor-top-column elementor-element elementor-element-16c268d\" data-id=\"16c268d\" data-element_type=\"column\" data-e-type=\"column\">\n\t\t\t<div class=\"elementor-widget-wrap elementor-element-populated\">\n\t\t\t\t\t\t<div class=\"elementor-element elementor-element-1eebf8c elementor-view-default elementor-position-block-start elementor-mobile-position-block-start elementor-widget elementor-widget-icon-box\" data-id=\"1eebf8c\" data-element_type=\"widget\" data-e-type=\"widget\" data-widget_type=\"icon-box.default\">\n\t\t\t\t<div class=\"elementor-widget-container\">\n\t\t\t\t\t\t\t<div class=\"elementor-icon-box-wrapper\">\n\n\t\t\t\t\t\t<div class=\"elementor-icon-box-icon\">\n\t\t\t\t<span  class=\"elementor-icon\">\n\t\t\t\t<i aria-hidden=\"true\" class=\"fas fa-cart-arrow-down\"><\/i>\t\t\t\t<\/span>\n\t\t\t<\/div>\n\t\t\t\n\t\t\t\t\t\t<div class=\"elementor-icon-box-content\">\n\n\t\t\t\t\t\t\t\t\t<h3 class=\"elementor-icon-box-title\">\n\t\t\t\t\t\t<span  >\n\t\t\t\t\t\t\tDescargar libro completo en PDF\t\t\t\t\t\t<\/span>\n\t\t\t\t\t<\/h3>\n\t\t\t\t\n\t\t\t\t\t\t\t\t\t<p class=\"elementor-icon-box-description\">\n\t\t\t\t\t\tLa autora Zulma Prina ha publicado esta obra important\u00edsima en formato digital para facilitar el acceso desde todas partes del mundo a bajo costo.<br>El costo actual es de $15.000 pesos argentinos.<br>Solicitar datos para la transferencia y le enviaremos el acceso inmediato a la descarga de este trabajo valioso y \u00fatil para los educadores y mediadores de hoy.\t\t\t\t\t<\/p>\n\t\t\t\t\n\t\t\t<\/div>\n\t\t\t\n\t\t<\/div>\n\t\t\t\t\t\t<\/div>\n\t\t\t\t<\/div>\n\t\t\t\t<div class=\"elementor-element elementor-element-f8d061d elementor-position-top elementor-widget elementor-widget-image-box\" data-id=\"f8d061d\" data-element_type=\"widget\" data-e-type=\"widget\" data-widget_type=\"image-box.default\">\n\t\t\t\t<div class=\"elementor-widget-container\">\n\t\t\t\t\t<div class=\"elementor-image-box-wrapper\"><figure class=\"elementor-image-box-img\"><img decoding=\"async\" width=\"700\" height=\"1073\" src=\"https:\/\/zulmaprina.com.ar\/web\/wp-content\/uploads\/2025\/12\/tapa-educacion-por-el-arte2web2.jpg\" class=\"attachment-full size-full wp-image-1855\" alt=\"\" srcset=\"https:\/\/zulmaprina.com.ar\/web\/wp-content\/uploads\/2025\/12\/tapa-educacion-por-el-arte2web2.jpg 700w, https:\/\/zulmaprina.com.ar\/web\/wp-content\/uploads\/2025\/12\/tapa-educacion-por-el-arte2web2-196x300.jpg 196w, https:\/\/zulmaprina.com.ar\/web\/wp-content\/uploads\/2025\/12\/tapa-educacion-por-el-arte2web2-668x1024.jpg 668w\" sizes=\"(max-width: 700px) 100vw, 700px\" \/><\/figure><div class=\"elementor-image-box-content\"><h3 class=\"elementor-image-box-title\">Un libro de Zulma Prina<\/h3><p class=\"elementor-image-box-description\">Ensayo digital. La autora vuelca en esta obra su extensa experiencia en educaci\u00f3n por el arte; destaca lo que se puede lograr integrando la cultura a la educaci\u00f3n. Ella comparte teor\u00eda y experiencias pr\u00e1cticas en el aula y en distintas \u00e1reas. <br>Con auspicio de las Academias de Literatura Infantil y Juvenil de Argentina, Per\u00fa y Latinoamericana, y la AAEA.<br> Este trabajo de a\u00f1os pretende allanar el camino de los docentes y mediadores en esta tarea posible que es educar desde el placer y la pr\u00e1ctica transformadora mediante las distintas disciplinas art\u00edsticas. Por ese motivo se ha tomado un largo per\u00edodo de an\u00e1lisis y s\u00edntesis, ha realizado un laborioso trabajo para optimizar los tiempos de los lectores que busquen ideas, fundamentos y herramientas.<br><br>Autora: Magister Zulma Prina<\/p><\/div><\/div>\t\t\t\t<\/div>\n\t\t\t\t<\/div>\n\t\t\t\t\t<\/div>\n\t\t<\/div>\n\t\t\t\t<div class=\"elementor-column elementor-col-50 elementor-top-column elementor-element elementor-element-2233ef1\" data-id=\"2233ef1\" data-element_type=\"column\" data-e-type=\"column\">\n\t\t\t<div class=\"elementor-widget-wrap elementor-element-populated\">\n\t\t\t\t\t\t<div class=\"elementor-element elementor-element-dbebe02 elementor-widget elementor-widget-text-editor\" data-id=\"dbebe02\" data-element_type=\"widget\" data-e-type=\"widget\" data-widget_type=\"text-editor.default\">\n\t\t\t\t<div class=\"elementor-widget-container\">\n\t\t\t\t\t\t\t\t\t<h3>SOLICITAR LIBRO DIGITAL:<\/h3><p>Para tener acceso al libro deber\u00e1 enviar comprobante de pago, cuit y su nombre completo.<\/p><p>PRECIO EN ARGENTINA $15.000<\/p><p><strong>ENVIAR COMPROBANTE DE PAGO AL SIGUIENTE MAIL:<\/strong><\/p><p>ediciones@leemeuncuento.com.ar<\/p><p><strong>DATOS PARA PAGO EN PESOS:<\/strong><\/p><p>Alias: alero.cuna.dique.mp<br \/>CVU: 0000003100002538409913<br \/>Nombre: Maria Fernanda Macimiani<\/p><p><strong>Para pagos internacionales el costo del libro es de $20 dolares.\u00a0 Solicitar datos para el pago:<\/strong><\/p><h5><span style=\"color: #993366;\"><strong>ediciones@leemeuncuento.com.ar\u00a0<\/strong><\/span><\/h5>\t\t\t\t\t\t\t\t<\/div>\n\t\t\t\t<\/div>\n\t\t\t\t<div class=\"elementor-element elementor-element-18e6429 elementor-widget elementor-widget-text-editor\" data-id=\"18e6429\" data-element_type=\"widget\" data-e-type=\"widget\" data-widget_type=\"text-editor.default\">\n\t\t\t\t<div class=\"elementor-widget-container\">\n\t\t\t\t\t\t\t\t\t<h3>Ficha:<\/h3>\n<p>Educaci\u00f3n por el arte : \u00bfun enfoque actual o una vieja utop\u00eda? \/ Zulma Prina. &#8211; 1a ed. &#8211; Tres de Febrero : L\u00e9eme un cuento, 2025.<\/p>\n<p>\u00a0\u00a0 Libro digital, PDF<\/p>\n<p>\u00a0\u00a0 Archivo Digital: descarga y online<\/p>\n<p>\u00a0\u00a0 ISBN 978-631-90937-8-0<\/p>\n<ol>\n<li>Educaci\u00f3n. 2. Estrategias de la Educaci\u00f3n. I. T\u00edtulo.<\/li>\n<\/ol>\n<p>\u00a0\u00a0 CDD 370.1<\/p>\n<p>Sobre la trayectoria de la\u00a0 autora: Magister\u00a0 Zulma Prina:<\/p>\n<p><a href=\"https:\/\/zulmaprina.com.ar\/web\/curriculum\/\">https:\/\/zulmaprina.com.ar\/web\/curriculum\/<\/a><\/p>\t\t\t\t\t\t\t\t<\/div>\n\t\t\t\t<\/div>\n\t\t\t\t\t<\/div>\n\t\t<\/div>\n\t\t\t\t\t<\/div>\n\t\t<\/section>\n\t\t\t\t<section class=\"elementor-section elementor-top-section elementor-element elementor-element-6ce595c elementor-section-boxed elementor-section-height-default elementor-section-height-default\" data-id=\"6ce595c\" data-element_type=\"section\" data-e-type=\"section\">\n\t\t\t\t\t\t<div class=\"elementor-container elementor-column-gap-default\">\n\t\t\t\t\t<div class=\"elementor-column elementor-col-100 elementor-top-column elementor-element elementor-element-4006bf2\" data-id=\"4006bf2\" data-element_type=\"column\" data-e-type=\"column\">\n\t\t\t<div class=\"elementor-widget-wrap elementor-element-populated\">\n\t\t\t\t\t\t<div class=\"elementor-element elementor-element-0f18332 elementor-widget elementor-widget-heading\" data-id=\"0f18332\" data-element_type=\"widget\" data-e-type=\"widget\" data-widget_type=\"heading.default\">\n\t\t\t\t<div class=\"elementor-widget-container\">\n\t\t\t\t\t<h2 class=\"elementor-heading-title elementor-size-default\">M\u00e1s sobre: Educaci\u00f3n por el arte : \u00bfun enfoque actual o una vieja utop\u00eda? \/ Zulma Prina<\/h2>\t\t\t\t<\/div>\n\t\t\t\t<\/div>\n\t\t\t\t<div class=\"elementor-element elementor-element-42767ed elementor-widget elementor-widget-text-editor\" data-id=\"42767ed\" data-element_type=\"widget\" data-e-type=\"widget\" data-widget_type=\"text-editor.default\">\n\t\t\t\t<div class=\"elementor-widget-container\">\n\t\t\t\t\t\t\t\t\t<h4><strong>TEMARIO:<\/strong><\/h4>\n<table>\n<tbody>\n<tr>\n<td width=\"359\">\n<p>A LOS POSIBLE LECTORES Y LECTORAS, Mgtr. Zulma Prina<\/p>\n<\/td>\n<td width=\"41\">\n<p>7<\/p>\n<\/td>\n<\/tr>\n<tr>\n<td width=\"359\">\n<p>INTRODUCCI\u00d3N<\/p>\n<\/td>\n<td width=\"41\">\n<p>8<\/p>\n<\/td>\n<\/tr>\n<tr>\n<td width=\"359\">\n<p><strong>PARTE I<\/strong><\/p>\n<\/td>\n<td width=\"41\">\n<p>11<\/p>\n<\/td>\n<\/tr>\n<tr>\n<td width=\"359\">\n<p><strong>CAP\u00cdTULO I <\/strong><\/p>\n<\/td>\n<td width=\"41\">\n<p>12<\/p>\n<\/td>\n<\/tr>\n<tr>\n<td width=\"359\">\n<p>1. El enfoque<\/p>\n<\/td>\n<td width=\"41\">\n<p>12<\/p>\n<\/td>\n<\/tr>\n<tr>\n<td width=\"359\">\n<p>1.1 El arte como necesidad para el desarrollo de la personalidad<\/p>\n<\/td>\n<td width=\"41\">\n<p>12<\/p>\n<\/td>\n<\/tr>\n<tr>\n<td width=\"359\">\n<p>1.2. El arte en la educaci\u00f3n sistem\u00e1tica y asistem\u00e1tica<\/p>\n<\/td>\n<td width=\"41\">\n<p>14<\/p>\n<\/td>\n<\/tr>\n<tr>\n<td width=\"359\">\n<p>1.3. Desde las aulas, talleres, bibliotecas, clubes<\/p>\n<\/td>\n<td width=\"41\">\n<p>16<\/p>\n<\/td>\n<\/tr>\n<tr>\n<td width=\"359\">\n<p>2. El desarrollo de la imaginaci\u00f3n y de la creatividad en el proceso educativo<\/p>\n<\/td>\n<td width=\"41\">\n<p>17<\/p>\n<\/td>\n<\/tr>\n<tr>\n<td width=\"359\">\n<p>2.1. Creatividad<\/p>\n<\/td>\n<td width=\"41\">\n<p>20<\/p>\n<\/td>\n<\/tr>\n<tr>\n<td width=\"359\">\n<p>2.2. Hacia un posible cambio<\/p>\n<\/td>\n<td width=\"41\">\n<p>21<\/p>\n<\/td>\n<\/tr>\n<tr>\n<td width=\"359\">\n<p>3. El juego en la vida del ni\u00f1o<\/p>\n<\/td>\n<td width=\"41\">\n<p>24<\/p>\n<\/td>\n<\/tr>\n<tr>\n<td width=\"359\">\n<p>3.1. Actividades que se pueden desarrollar<\/p>\n<\/td>\n<td width=\"41\">\n<p>26<\/p>\n<\/td>\n<\/tr>\n<tr>\n<td width=\"359\">\n<p>Bibliograf\u00eda citada<\/p>\n<\/td>\n<td width=\"41\">\n<p>27<\/p>\n<\/td>\n<\/tr>\n<tr>\n<td width=\"359\">\n<p><strong>CAP\u00cdTULO II<\/strong><\/p>\n<\/td>\n<td width=\"41\">\n<p>29<\/p>\n<\/td>\n<\/tr>\n<tr>\n<td width=\"359\">\n<p>1. El lenguaje y la construcci\u00f3n del mundo<\/p>\n<\/td>\n<td width=\"41\">\n<p>29<\/p>\n<\/td>\n<\/tr>\n<tr>\n<td width=\"359\">\n<p>1.1. Una aproximaci\u00f3n al desarrollo de la oralidad<\/p>\n<\/td>\n<td width=\"41\">\n<p>30<\/p>\n<\/td>\n<\/tr>\n<tr>\n<td width=\"359\">\n<p>1.2. Algunas reflexiones<\/p>\n<\/td>\n<td width=\"41\">\n<p>31<\/p>\n<\/td>\n<\/tr>\n<tr>\n<td width=\"359\">\n<p><strong>CAP\u00cdTULO III<\/strong><\/p>\n<\/td>\n<td width=\"41\">\n<p>34<\/p>\n<\/td>\n<\/tr>\n<tr>\n<td width=\"359\">\n<p>1. El arte entra a la escuela<\/p>\n<\/td>\n<td width=\"41\">\n<p>34<\/p>\n<\/td>\n<\/tr>\n<tr>\n<td width=\"359\">\n<p>1.1. Los chicos y chicas y sus cambios internos<\/p>\n<\/td>\n<td width=\"41\">\n<p>34<\/p>\n<\/td>\n<\/tr>\n<tr>\n<td width=\"359\">\n<p>1.2. El juego teatral y la expresi\u00f3n corporal<\/p>\n<\/td>\n<td width=\"41\">\n<p>35<\/p>\n<\/td>\n<\/tr>\n<tr>\n<td width=\"359\">\n<p>2. La m\u00fasica como factor de comunicaci\u00f3n universal<\/p>\n<\/td>\n<td width=\"41\">\n<p>36<\/p>\n<\/td>\n<\/tr>\n<tr>\n<td width=\"359\">\n<p>Bibliograf\u00eda citada<\/p>\n<\/td>\n<td width=\"41\">\n<p>37<\/p>\n<\/td>\n<\/tr>\n<tr>\n<td width=\"359\">\n<p><strong>CAP\u00cdTULO IV<\/strong><\/p>\n<\/td>\n<td width=\"41\">\n<p>38<\/p>\n<\/td>\n<\/tr>\n<tr>\n<td width=\"359\">\n<p>1. El acceso a la escritura y a la lectura<\/p>\n<\/td>\n<td width=\"41\">\n<p>38<\/p>\n<\/td>\n<\/tr>\n<tr>\n<td width=\"359\">\n<p>1.1. El ni\u00f1o\/ni\u00f1a tiene como punto de referencia m\u00e1s cercano a la familia<\/p>\n<\/td>\n<td width=\"41\">\n<p>40<\/p>\n<\/td>\n<\/tr>\n<tr>\n<td width=\"359\">\n<p>2. Si el libro, adem\u00e1s de estar al alcance de la mano en la biblioteca escolar se utiliza para leer en casa con la familia, se transforma en un medio de comunicaci\u00f3n afectivo<\/p>\n<\/td>\n<td width=\"41\">\n<p>41<\/p>\n<\/td>\n<\/tr>\n<tr>\n<td width=\"359\">\n<p>3. La prohibici\u00f3n sin sustentos ni reemplazos solo excita la curiosidad, por el simple hecho de lo prohibido y porque hay que oponerse a los mayores<\/p>\n<\/td>\n<td width=\"41\">\n<p>41<\/p>\n<\/td>\n<\/tr>\n<tr>\n<td width=\"359\">\n<p>Bibliograf\u00eda consultada<\/p>\n<\/td>\n<td width=\"41\">\n<p>58<\/p>\n<\/td>\n<\/tr>\n<tr>\n<td width=\"359\">\n<p><strong>PARTE II &#8211; LAS ESTRATEGIAS Y LOS RESULTADOS<\/strong><\/p>\n<\/td>\n<td width=\"41\">\n<p>60<\/p>\n<\/td>\n<\/tr>\n<tr>\n<td width=\"359\">\n<p><strong>CAP\u00cdTULO I<\/strong><\/p>\n<\/td>\n<td width=\"41\">\n<p>61<\/p>\n<\/td>\n<\/tr>\n<tr>\n<td width=\"359\">\n<p>1. El Taller como t\u00e9cnica en la educaci\u00f3n sistem\u00e1tica y asistem\u00e1tica<\/p>\n<\/td>\n<td width=\"41\">\n<p>61<\/p>\n<\/td>\n<\/tr>\n<tr>\n<td width=\"359\">\n<p>1.1. \u00bfQu\u00e9 significa taller literario y cu\u00e1les son sus alcances?<\/p>\n<\/td>\n<td width=\"41\">\n<p>62<\/p>\n<\/td>\n<\/tr>\n<tr>\n<td width=\"359\">\n<p>2. El rol de las instituciones culturales<\/p>\n<\/td>\n<td width=\"41\">\n<p>63<\/p>\n<\/td>\n<\/tr>\n<tr>\n<td width=\"359\">\n<p>3. La capacitaci\u00f3n del docente<\/p>\n<\/td>\n<td width=\"41\">\n<p>66<\/p>\n<\/td>\n<\/tr>\n<tr>\n<td width=\"359\">\n<p>4. Algunas Conclusiones<\/p>\n<\/td>\n<td width=\"41\">\n<p>69<\/p>\n<\/td>\n<\/tr>\n<tr>\n<td width=\"359\">\n<p>5. C\u00f3mo comenzar a preparar los inicios de un taller<\/p>\n<\/td>\n<td width=\"41\">\n<p>70<\/p>\n<\/td>\n<\/tr>\n<tr>\n<td width=\"359\">\n<p>5.1. Aprender a reconocer el propio cuerpo<\/p>\n<\/td>\n<td width=\"41\">\n<p>70<\/p>\n<\/td>\n<\/tr>\n<tr>\n<td width=\"359\">\n<p>Bibliograf\u00eda citada<\/p>\n<\/td>\n<td width=\"41\">\n<p>77<\/p>\n<\/td>\n<\/tr>\n<tr>\n<td width=\"359\">\n<p><strong>PARTE III &#8211; LAS EXPERIENCIAS VIVIDAS<\/strong><\/p>\n<\/td>\n<td width=\"41\">\n<p>78<\/p>\n<\/td>\n<\/tr>\n<tr>\n<td width=\"359\">\n<p><strong>CAP\u00cdTULO I<\/strong><\/p>\n<\/td>\n<td width=\"41\">\n<p>79<\/p>\n<\/td>\n<\/tr>\n<tr>\n<td width=\"359\">\n<p>1. Una experiencia en una escuela del barrio de Flores Sur<\/p>\n<\/td>\n<td width=\"41\">\n<p>79<\/p>\n<\/td>\n<\/tr>\n<tr>\n<td width=\"359\">\n<p>2. Otras experiencias<\/p>\n<\/td>\n<td width=\"41\">\n<p>86<\/p>\n<\/td>\n<\/tr>\n<tr>\n<td width=\"359\">\n<p>3. Experiencia en una escuela del barrio de La Boca<\/p>\n<\/td>\n<td width=\"41\">\n<p>91<\/p>\n<\/td>\n<\/tr>\n<tr>\n<td width=\"359\">\n<p>Bibliograf\u00eda citada<\/p>\n<\/td>\n<td width=\"41\">\n<p>111<\/p>\n<\/td>\n<\/tr>\n<\/tbody>\n<\/table>\t\t\t\t\t\t\t\t<\/div>\n\t\t\t\t<\/div>\n\t\t\t\t<div class=\"elementor-element elementor-element-55121e8 elementor-widget elementor-widget-text-editor\" data-id=\"55121e8\" data-element_type=\"widget\" data-e-type=\"widget\" data-widget_type=\"text-editor.default\">\n\t\t\t\t<div class=\"elementor-widget-container\">\n\t\t\t\t\t\t\t\t\t<p><strong>A LOS POSIBLE LECTORES Y LECTORAS<\/strong><\/p>\n<p>\u00a0<\/p>\n<p>\u00a0Quisi\u00e9ramos llegar al lector\/lectora con estas in-quietudes, para lo cual hemos desarrollado algunos puntos atinentes al aspecto te\u00f3rico y otros a la pr\u00e1ctica. Lo m\u00e1s importante es el testimonio de las producciones de los chicos. Las pruebas de sus potencialidades y por sobre todo la satisfacci\u00f3n de haber logrado jugar, expresarse con ganas, con alegr\u00eda. Es maravilloso poder reconocer que ellas y ellos pueden, y que est\u00e1n contentos en la escuela, el colegio, el taller, los encuentros, para desarrollar su potencial y crecer.<\/p>\n<p>Por \u00faltimo, creemos que cuando las personas de nuestras sociedades entiendan que valen por el solo hecho de ser personas, cuando lo moral difiera de lo inmoral; cuando todos podamos ser juzgados por igual frente a un mismo delito sin que se incline la balanza a favor de quien m\u00e1s tiene, o de las relaciones de poder; cuando las posibilidades est\u00e9n dadas para todos, habremos logrado el verdadero objetivo de la educaci\u00f3n. Habr\u00e1 de nuevo m\u00e1s pensadores, m\u00e1s fil\u00f3sofos, m\u00e1s cient\u00edficos que logren descubrimientos para el bien de la humanidad. Y el sentido de libertad estar\u00e1 dentro de cada uno.<\/p>\n<p>\u00a0<\/p>\n<p><strong>Mgtr. Zulma Prina<\/strong><\/p>\n<p><blockquote class=\"wp-embedded-content\" data-secret=\"fva8hVoO95\"><a href=\"https:\/\/zulmaprina.com.ar\/web\/\">Zulma Prina<\/a><\/blockquote><iframe class=\"wp-embedded-content\" sandbox=\"allow-scripts\" security=\"restricted\" style=\"position: absolute; visibility: hidden;\" title=\"&#8220;Zulma Prina&#8221; &#8212; Zulma Prina\" src=\"https:\/\/zulmaprina.com.ar\/web\/embed\/#?secret=q6lvJo8Dik#?secret=fva8hVoO95\" data-secret=\"fva8hVoO95\" width=\"600\" height=\"338\" frameborder=\"0\" marginwidth=\"0\" marginheight=\"0\" scrolling=\"no\"><\/iframe><\/p>\n<p>\u00a0<\/p>\n<p>\u00a0<\/p>\t\t\t\t\t\t\t\t<\/div>\n\t\t\t\t<\/div>\n\t\t\t\t\t<\/div>\n\t\t<\/div>\n\t\t\t\t\t<\/div>\n\t\t<\/section>\n\t\t\t\t<\/div>\n\t\t","protected":false},"excerpt":{"rendered":"<p>https:\/\/zulmaprina.com.ar\/web\/wp-content\/uploads\/2026\/01\/libro-educacion-por-el-arte-zulma-prina2025.mp4 Descargar libro completo en PDF La autora Zulma Prina ha publicado esta obra important\u00edsima en formato digital para facilitar el acceso desde todas partes del mundo a bajo costo.El costo actual es de $15.000 pesos argentinos.Solicitar datos para la transferencia y le enviaremos el acceso inmediato a la descarga de este trabajo valioso y [&hellip;]<\/p>\n","protected":false},"author":1,"featured_media":0,"parent":0,"menu_order":0,"comment_status":"closed","ping_status":"closed","template":"","meta":{"footnotes":""},"class_list":["post-1852","page","type-page","status-publish","hentry"],"_links":{"self":[{"href":"https:\/\/zulmaprina.com.ar\/web\/wp-json\/wp\/v2\/pages\/1852","targetHints":{"allow":["GET"]}}],"collection":[{"href":"https:\/\/zulmaprina.com.ar\/web\/wp-json\/wp\/v2\/pages"}],"about":[{"href":"https:\/\/zulmaprina.com.ar\/web\/wp-json\/wp\/v2\/types\/page"}],"author":[{"embeddable":true,"href":"https:\/\/zulmaprina.com.ar\/web\/wp-json\/wp\/v2\/users\/1"}],"replies":[{"embeddable":true,"href":"https:\/\/zulmaprina.com.ar\/web\/wp-json\/wp\/v2\/comments?post=1852"}],"version-history":[{"count":20,"href":"https:\/\/zulmaprina.com.ar\/web\/wp-json\/wp\/v2\/pages\/1852\/revisions"}],"predecessor-version":[{"id":1912,"href":"https:\/\/zulmaprina.com.ar\/web\/wp-json\/wp\/v2\/pages\/1852\/revisions\/1912"}],"wp:attachment":[{"href":"https:\/\/zulmaprina.com.ar\/web\/wp-json\/wp\/v2\/media?parent=1852"}],"curies":[{"name":"wp","href":"https:\/\/api.w.org\/{rel}","templated":true}]}}